{"id":10448,"date":"2024-01-26T22:57:07","date_gmt":"2024-01-26T22:57:07","guid":{"rendered":"https:\/\/digistar.ma\/?post_type=product&#038;p=10448"},"modified":"2024-01-26T22:57:08","modified_gmt":"2024-01-26T22:57:08","slug":"ecran-23-8-pouces-full-hd-hp-z24f-g3","status":"publish","type":"product","link":"https:\/\/digistar.ma\/?product=ecran-23-8-pouces-full-hd-hp-z24f-g3","title":{"rendered":"\u00c9cran 23.8 Pouces Full HD HP Z24f G3"},"content":{"rendered":"<h3>\u00c9cran 23.8 Pouces Full HD HP Z24f G3<\/h3>\n<h2>Pr\u00e9sentation du produit<\/h2>\n<div class=\"ccs-cc-inline-features-block ccs-cc-inline-single-feature\">\n<div class=\"ccs-cc-inline-feature\" data-type=\"text\">\n<div class=\"ccs-cc-inline-feature-content ccs-cc-inline-feature-description\">M\u00e9ticuleusement con\u00e7u pour surpasser toutes les normes de conception et compos\u00e9 d\u2019aluminium authentique, l\u2019\u00e9cran HP Z24f G3 FHD offre une exp\u00e9rience visuelle impressionnante et sans cadre.<\/div>\n<div class=\"ccs-cc-inline-feature-content ccs-cc-inline-feature-description\">Donnez vie \u00e0 vos id\u00e9es avec une fid\u00e9lit\u00e9 des couleurs remarquable et une r\u00e9solution Full HD pr\u00e9cise. Am\u00e9liorez votre exp\u00e9rience de travail et d\u00e9voilez la puissance de votre PC gr\u00e2ce \u00e0 cet \u00e9cran de 23,8\u00a0pouces en diagonale.<\/div>\n<\/div>\n<\/div>\n<div class=\"ccs-cc-inline-features-block ccs-cc-inline-multicolumn\" data-count=\"2\" data-media=\"false\">\n<div class=\"ccs-cc-inline-feature\">\n<div class=\"ccs-cc-inline-feature-content ccs-cc-inline-feature-description\" data-order=\"0\">\n<h3>Couleurs homog\u00e8nes dans toutes les situations<\/h3>\n<p>Vous b\u00e9n\u00e9ficiez d\u2019une pr\u00e9cision des couleurs remarquable d\u2019un \u00e9cran \u00e0 l\u2019autre, sans configuration pr\u00e9alable. Obtenez des d\u00e9tails nets et \u00e9clatants avec une gamme de couleurs 99\u00a0% sRBG et une r\u00e9solution Full HD.<\/p>\n<\/div>\n<div class=\"ccs-cc-inline-feature-content ccs-cc-inline-feature-description\" data-order=\"1\">\n<h3>Le design pouss\u00e9 \u00e0 l\u2019extr\u00eame<\/h3>\n<p>Ce superbe \u00e9cran de 23,8\u00a0pouces (60,45 cm) de diagonale est m\u00e9ticuleusement con\u00e7u avec un profil ultra-fin et un design sans cadre. B\u00e9n\u00e9ficiez d\u2019un confort optimal gr\u00e2ce \u00e0 un r\u00e9glage ergonomique quadridirectionnel.<\/p>\n<\/div>\n<\/div>\n<\/div>\n<div class=\"ccs-cc-inline-features-block ccs-cc-inline-multicolumn\" data-count=\"2\" data-media=\"false\">\n<div class=\"ccs-cc-inline-feature\">\n<div class=\"ccs-cc-inline-feature-content ccs-cc-inline-feature-description\" data-order=\"0\">\n<h3>Fonction faible lumi\u00e8re bleue toujours active<\/h3>\n<p>B\u00e9n\u00e9ficiez d\u2019un dynamisme exceptionnel gr\u00e2ce \u00e0 HP Eye Ease, le filtre \u00e0 lumi\u00e8re bleue toujours actif qui r\u00e9duit l\u2019exposition \u00e0 la lumi\u00e8re bleue sans affecter la pr\u00e9cision des couleurs.<\/p>\n<\/div>\n<div class=\"ccs-cc-inline-feature-content ccs-cc-inline-feature-description\" data-order=\"1\">\n<h3>Repens\u00e9 de mani\u00e8re responsable<\/h3>\n<p>Faites un choix \u00e9clair\u00e9 avec cet \u00e9cran con\u00e7u dans le respect de l\u2019environnement. Ses plastiques sont compos\u00e9s \u00e0 plus de 80\u00a0% de mat\u00e9riaux recycl\u00e9s; int\u00e9gralement recyclable, son emballage provient exclusivement de sources durables. Il est certifi\u00e9 ENERGY\u00a0STAR<sup>\u00ae<\/sup>\u00a0et homologu\u00e9 EPEAT<sup>\u00ae<\/sup>\u00a02020.<\/p>\n<\/div>\n<\/div>\n<\/div>\n<h2>Sp\u00e9cifications principales<\/h2>\n<div class=\"ccs-cc-inline-features-block ccs-cc-inline-multicolumn\" data-count=\"2\" data-media=\"false\">\n<div class=\"ccs-cc-inline-feature\">\n<div class=\"ccs-cc-inline-feature-content ccs-cc-inline-feature-description\" data-order=\"0\">\n<h3>Connectez facilement plusieurs \u00e9crans<\/h3>\n<p>D\u00e9sencombrez votre bureau et connectez plusieurs \u00e9crans en s\u00e9rie \u00e0 l\u2019aide d\u2019un seul c\u00e2ble DisplayPort<sup>\u2122<\/sup>.<\/p>\n<\/div>\n<div class=\"ccs-cc-inline-feature-content ccs-cc-inline-feature-description\" data-order=\"1\">\n<h3>Tous les ports dont vous avez besoin<\/h3>\n<p>Connectez une station de travail, un PC et des \u00e9crans suppl\u00e9mentaires.<\/p>\n<\/div>\n<\/div>\n<\/div>\n<h2>Contenu<\/h2>\n<div class=\"ccs-cc-inline-features-block ccs-cc-inline-multicolumn\" data-count=\"2\" data-media=\"false\">\n<div class=\"ccs-cc-inline-feature\">\n<div class=\"ccs-cc-inline-feature-content ccs-cc-inline-feature-description\" data-order=\"0\">\n<ul data-inline-hp-inbox=\"\">\n<li>\u00c9cran 23.8 Pouces Full HD HP Z24f G3<\/li>\n<li>Documentation<\/li>\n<li>Adaptateur pour montage VESA<\/li>\n<li>C\u00e2ble USB Type-A vers B<\/li>\n<li>Gestionnaire de c\u00e2bles<\/li>\n<li>Cordon d\u2019alimentation secteur<\/li>\n<li>C\u00e2ble DisplayPort<sup>\u2122<\/sup>\u00a01.4<\/li>\n<\/ul>\n<\/div>\n<\/div>\n<\/div>\n","protected":false},"excerpt":{"rendered":"<p>Taille de l&#8217;\u00e9cran : 60,45 cm (23,8 pouces) &#8211; Format 16:9<br \/>\nCourbure de l&#8217;\u00e9cran: Plat<br \/>\nType de Dalle: IPS &#8211; R\u00e9tro\u00e9clairage: IPS<br \/>\nR\u00e9solution: FHD (1920 x 1080)<br \/>\nTemps de r\u00e9ponse: 5ms GtG (avec surcharge)<br \/>\nConnecteurs d&#8217;entr\u00e9e: DisplayPort, HDMI, USB-A<br \/>\nR\u00e9glages de la position de l&#8217;\u00e9cran: sur pivot: -5\u00b0 \u00e0 +20\u00b0<\/p>\n","protected":false},"featured_media":10449,"comment_status":"open","ping_status":"closed","template":"","meta":{"_acf_changed":false,"_monsterinsights_skip_tracking":false,"_monsterinsights_sitenote_active":false,"_monsterinsights_sitenote_note":"","_monsterinsights_sitenote_category":0,"_uf_show_specific_survey":0,"_uf_disable_surveys":false,"_joinchat":[]},"product_brand":[],"product_cat":[259,239,246],"product_tag":[],"class_list":{"0":"post-10448","1":"product","2":"type-product","3":"status-publish","4":"has-post-thumbnail","6":"product_cat-ecran-pc","7":"product_cat-ecran-moniteur","8":"product_cat-peripherique","10":"first","11":"instock","12":"sale","13":"shipping-taxable","14":"purchasable","15":"product-type-simple"},"acf":[],"jetpack_sharing_enabled":true,"_links":{"self":[{"href":"https:\/\/digistar.ma\/index.php?rest_route=\/wp\/v2\/product\/10448","targetHints":{"allow":["GET"]}}],"collection":[{"href":"https:\/\/digistar.ma\/index.php?rest_route=\/wp\/v2\/product"}],"about":[{"href":"https:\/\/digistar.ma\/index.php?rest_route=\/wp\/v2\/types\/product"}],"replies":[{"embeddable":true,"href":"https:\/\/digistar.ma\/index.php?rest_route=%2Fwp%2Fv2%2Fcomments&post=10448"}],"version-history":[{"count":1,"href":"https:\/\/digistar.ma\/index.php?rest_route=\/wp\/v2\/product\/10448\/revisions"}],"predecessor-version":[{"id":10454,"href":"https:\/\/digistar.ma\/index.php?rest_route=\/wp\/v2\/product\/10448\/revisions\/10454"}],"wp:featuredmedia":[{"embeddable":true,"href":"https:\/\/digistar.ma\/index.php?rest_route=\/wp\/v2\/media\/10449"}],"wp:attachment":[{"href":"https:\/\/digistar.ma\/index.php?rest_route=%2Fwp%2Fv2%2Fmedia&parent=10448"}],"wp:term":[{"taxonomy":"product_brand","embeddable":true,"href":"https:\/\/digistar.ma\/index.php?rest_route=%2Fwp%2Fv2%2Fproduct_brand&post=10448"},{"taxonomy":"product_cat","embeddable":true,"href":"https:\/\/digistar.ma\/index.php?rest_route=%2Fwp%2Fv2%2Fproduct_cat&post=10448"},{"taxonomy":"product_tag","embeddable":true,"href":"https:\/\/digistar.ma\/index.php?rest_route=%2Fwp%2Fv2%2Fproduct_tag&post=10448"}],"curies":[{"name":"wp","href":"https:\/\/api.w.org\/{rel}","templated":true}]}}